{"id":4882,"date":"2026-02-19T17:50:02","date_gmt":"2026-02-19T16:50:02","guid":{"rendered":"https:\/\/galerie-marel.com\/?post_type=product&#038;p=4882"},"modified":"2026-03-07T15:38:44","modified_gmt":"2026-03-07T14:38:44","slug":"viggo-hardie-fischer-set-of-6-danish-church-chairs-in-oak-for-soro-mobelfabrik-1950s","status":"publish","type":"product","link":"https:\/\/galerie-marel.com\/fr\/collection\/viggo-hardie-fischer-set-of-6-danish-church-chairs-in-oak-for-soro-mobelfabrik-1950s\/","title":{"rendered":"Viggo Hardie-Fischer, suite de 6 chaises en ch\u00eane et corde pour Sor\u00f8 M\u00f8belfabrik. 1950s"},"content":{"rendered":"<p data-start=\"229\" data-end=\"588\">Suite de six \u201cChurch Chairs\u201d dessin\u00e9es par Viggo Hardie-Fischer et produites par Sor\u00f8 M\u00f8belfabrik au Danemark dans les ann\u00e9es 1950. Inspir\u00e9 par le travail de Kaare Klint pour l\u2019\u00e9glise Bethlehem \u00e0 Copenhague, ce mod\u00e8le fut initialement con\u00e7u pour l\u2019\u00e9glise Marieh\u00f8j, consacr\u00e9e en 1958, dont Hardie-Fischer fut l\u2019architecte, et o\u00f9 ces chaises sont toujours utilis\u00e9es aujourd\u2019hui.<\/p>\n<p data-start=\"590\" data-end=\"1071\">R\u00e9alis\u00e9es en ch\u00eane massif avec assises en corde de papier tress\u00e9e et d\u00e9tails en laiton, ces chaises pr\u00e9sentent une structure \u00e0 dossier \u00e0 barreaux directe et bien proportionn\u00e9e. Initialement destin\u00e9es aux int\u00e9rieurs d\u2019\u00e9glises au Danemark et en Su\u00e8de, elles ont \u00e9t\u00e9 con\u00e7ues pour r\u00e9sister \u00e0 un usage quotidien et s\u2019int\u00e8grent naturellement dans des int\u00e9rieurs contemporains, aux c\u00f4t\u00e9s d\u2019\u0153uvres de designers modernistes scandinaves tels que B\u00f8rge Mogensen, Hans J. Wegner, Tapio Wirkkala, Josef Frank, Paavo Tynell, Alvar Aalto et Hans-Agne Jakobsson.<\/p>\n<p data-start=\"1073\" data-end=\"1169\">Patine et traces d\u2019usage sur la corde de papier. Tr\u00e8s bon \u00e9tat g\u00e9n\u00e9ral. Hauteur d\u2019assise : 45 cm.<\/p>","protected":false},"excerpt":{"rendered":"<dl class=\"product-meta\">\n<dt>Designer<\/dt>\n<dd>Viggo Hardie-Fischer<\/dd>\n<dt>Editeur<\/dt>\n<dd>Sor\u00f8 M\u00f8belfabrik<\/dd>\n<dt>P\u00e9riode<\/dt>\n<dd>1950s<\/dd>\n<dt>Style<\/dt>\n<dd>Scandinave<\/dd>\n<dt>\u00c9tat<\/dt>\n<dd>Patine et traces d'usage sur les assises, tr\u00e8s bon \u00e9tat g\u00e9n\u00e9ral<\/dd>\n<dt>Dimensions<\/dt>\n<dd>L 49 x P 45 x H 85 cm \u2013 Hauteur d'assise : 45 cm<\/dd>\n<dt>Mat\u00e9riaux<\/dt>\n<dd>Ch\u00eane, corde<\/dd>\n<\/dl>\n<p>&nbsp;<\/p>","protected":false},"featured_media":4883,"template":"","meta":{"site-sidebar-layout":"default","site-content-layout":"","ast-site-content-layout":"default","site-content-style":"default","site-sidebar-style":"default","ast-global-header-display":"","ast-banner-title-visibility":"","ast-main-header-display":"","ast-hfb-above-header-display":"","ast-hfb-below-header-display":"","ast-hfb-mobile-header-display":"","site-post-title":"","ast-breadcrumbs-content":"","ast-featured-img":"","footer-sml-layout":"","ast-disable-related-posts":"","theme-transparent-header-meta":"default","adv-header-id-meta":"","stick-header-meta":"","header-above-stick-meta":"","header-main-stick-meta":"","header-below-stick-meta":"","astra-migrate-meta-layouts":"set","ast-page-background-enabled":"default","ast-page-background-meta":{"desktop":{"background-color":"var(--ast-global-color-5)","background-image":"","background-repeat":"repeat","background-position":"center center","background-size":"auto","background-attachment":"scroll","background-type":"","background-media":"","overlay-type":"","overlay-color":"","overlay-opacity":"","overlay-gradient":""},"tablet":{"background-color":"","background-image":"","background-repeat":"repeat","background-position":"center center","background-size":"auto","background-attachment":"scroll","background-type":"","background-media":"","overlay-type":"","overlay-color":"","overlay-opacity":"","overlay-gradient":""},"mobile":{"background-color":"","background-image":"","background-repeat":"repeat","background-position":"center center","background-size":"auto","background-attachment":"scroll","background-type":"","background-media":"","overlay-type":"","overlay-color":"","overlay-opacity":"","overlay-gradient":""}},"ast-content-background-meta":{"desktop":{"background-color":"var(--ast-global-color-4)","background-image":"","background-repeat":"repeat","background-position":"center center","background-size":"auto","background-attachment":"scroll","background-type":"","background-media":"","overlay-type":"","overlay-color":"","overlay-opacity":"","overlay-gradient":""},"tablet":{"background-color":"var(--ast-global-color-4)","background-image":"","background-repeat":"repeat","background-position":"center center","background-size":"auto","background-attachment":"scroll","background-type":"","background-media":"","overlay-type":"","overlay-color":"","overlay-opacity":"","overlay-gradient":""},"mobile":{"background-color":"var(--ast-global-color-4)","background-image":"","background-repeat":"repeat","background-position":"center center","background-size":"auto","background-attachment":"scroll","background-type":"","background-media":"","overlay-type":"","overlay-color":"","overlay-opacity":"","overlay-gradient":""}}},"product_brand":[],"product_cat":[22],"product_tag":[],"class_list":{"0":"post-4882","1":"product","2":"type-product","3":"status-publish","4":"has-post-thumbnail","6":"product_cat-collection","7":"desktop-align-left","8":"tablet-align-left","9":"mobile-align-left","11":"first","12":"instock","13":"shipping-taxable","14":"purchasable","15":"product-type-simple"},"_links":{"self":[{"href":"https:\/\/galerie-marel.com\/fr\/wp-json\/wp\/v2\/product\/4882","targetHints":{"allow":["GET"]}}],"collection":[{"href":"https:\/\/galerie-marel.com\/fr\/wp-json\/wp\/v2\/product"}],"about":[{"href":"https:\/\/galerie-marel.com\/fr\/wp-json\/wp\/v2\/types\/product"}],"wp:featuredmedia":[{"embeddable":true,"href":"https:\/\/galerie-marel.com\/fr\/wp-json\/wp\/v2\/media\/4883"}],"wp:attachment":[{"href":"https:\/\/galerie-marel.com\/fr\/wp-json\/wp\/v2\/media?parent=4882"}],"wp:term":[{"taxonomy":"product_brand","embeddable":true,"href":"https:\/\/galerie-marel.com\/fr\/wp-json\/wp\/v2\/product_brand?post=4882"},{"taxonomy":"product_cat","embeddable":true,"href":"https:\/\/galerie-marel.com\/fr\/wp-json\/wp\/v2\/product_cat?post=4882"},{"taxonomy":"product_tag","embeddable":true,"href":"https:\/\/galerie-marel.com\/fr\/wp-json\/wp\/v2\/product_tag?post=4882"}],"curies":[{"name":"wp","href":"https:\/\/api.w.org\/{rel}","templated":true}]}}